{"id":1370,"date":"2022-05-18T10:51:47","date_gmt":"2022-05-18T10:51:47","guid":{"rendered":"http:\/\/grau.stettiner.co\/?page_id=1370"},"modified":"2022-09-27T12:52:20","modified_gmt":"2022-09-27T12:52:20","slug":"datenschutz-im-konzern","status":"publish","type":"page","link":"https:\/\/www.graulaw.eu\/de\/datenschutz-im-konzern\/","title":{"rendered":"Datenschutz im Konzern"},"content":{"rendered":"\t\t<div data-elementor-type=\"wp-page\" data-elementor-id=\"1370\" class=\"elementor elementor-1370\">\n\t\t\t\t\t\t<section class=\"elementor-section elementor-top-section elementor-element elementor-element-e0ee0d9 elementor-section-boxed elementor-section-height-default elementor-section-height-default\" data-id=\"e0ee0d9\" data-element_type=\"section\" data-e-type=\"section\" data-settings=\"{&quot;background_background&quot;:&quot;slideshow&quot;,&quot;background_slideshow_gallery&quot;:[{&quot;id&quot;:5124,&quot;url&quot;:&quot;https:\\\/\\\/www.graulaw.eu\\\/wp-content\\\/uploads\\\/2022\\\/07\\\/grau_header-bg_expertise_1920x300-min.jpg&quot;}],&quot;background_slideshow_slide_duration&quot;:5000,&quot;background_slideshow_slide_transition&quot;:&quot;fade&quot;,&quot;background_slideshow_transition_duration&quot;:500}\">\n\t\t\t\t\t\t<div class=\"elementor-container elementor-column-gap-no\">\n\t\t\t\t\t<div class=\"elementor-column elementor-col-100 elementor-top-column elementor-element elementor-element-b7beba1\" data-id=\"b7beba1\" data-element_type=\"column\" data-e-type=\"column\">\n\t\t\t<div class=\"elementor-widget-wrap elementor-element-populated\">\n\t\t\t\t\t\t<div class=\"elementor-element elementor-element-2f5116f elementor-widget elementor-widget-image\" data-id=\"2f5116f\" data-element_type=\"widget\" data-e-type=\"widget\" data-widget_type=\"image.default\">\n\t\t\t\t<div class=\"elementor-widget-container\">\n\t\t\t\t\t\t\t\t\t\t\t\t\t\t\t<img fetchpriority=\"high\" decoding=\"async\" width=\"1366\" height=\"300\" src=\"https:\/\/www.graulaw.eu\/wp-content\/uploads\/2022\/07\/datenschutz.png\" class=\"attachment-full size-full wp-image-5382\" alt=\"\" srcset=\"https:\/\/www.graulaw.eu\/wp-content\/uploads\/2022\/07\/datenschutz.png 1366w, https:\/\/www.graulaw.eu\/wp-content\/uploads\/2022\/07\/datenschutz-300x66.png 300w, https:\/\/www.graulaw.eu\/wp-content\/uploads\/2022\/07\/datenschutz-1024x225.png 1024w, https:\/\/www.graulaw.eu\/wp-content\/uploads\/2022\/07\/datenschutz-768x169.png 768w\" sizes=\"(max-width: 1366px) 100vw, 1366px\" \/>\t\t\t\t\t\t\t\t\t\t\t\t\t\t\t<\/div>\n\t\t\t\t<\/div>\n\t\t\t\t\t<\/div>\n\t\t<\/div>\n\t\t\t\t\t<\/div>\n\t\t<\/section>\n\t\t\t\t<section class=\"elementor-section elementor-top-section elementor-element elementor-element-c061a31 elementor-section-boxed elementor-section-height-default elementor-section-height-default\" data-id=\"c061a31\" data-element_type=\"section\" data-e-type=\"section\" data-settings=\"{&quot;background_background&quot;:&quot;classic&quot;}\">\n\t\t\t\t\t\t<div class=\"elementor-container elementor-column-gap-no\">\n\t\t\t\t\t<div class=\"elementor-column elementor-col-100 elementor-top-column elementor-element elementor-element-d2b752d\" data-id=\"d2b752d\" data-element_type=\"column\" data-e-type=\"column\">\n\t\t\t<div class=\"elementor-widget-wrap elementor-element-populated\">\n\t\t\t\t\t\t<div class=\"elementor-element elementor-element-1bf7f61 elementor-widget elementor-widget-grau-breadcrumbs\" data-id=\"1bf7f61\" data-element_type=\"widget\" data-e-type=\"widget\" data-widget_type=\"grau-breadcrumbs.default\">\n\t\t\t\t<div class=\"elementor-widget-container\">\n\t\t\t\t\t        <div class=\"grau-breadcrumbs\">\n                            <a href=\"\/de\/\">Start<\/a>\n                <span class=\"grau-breadcrumbs__arrow\"><\/span>\n                                <a href=\"\/de\/unsere-expertise\/\">Unsere Expertise<\/a>\n                <span class=\"grau-breadcrumbs__arrow\"><\/span>\n                                <a href=\"\/de\/datenschutz\/\">Datenschutz<\/a>\n                <span class=\"grau-breadcrumbs__arrow\"><\/span>\n                                <a href=\"https:\/\/www.graulaw.eu\/de\/datenschutz-im-konzern\/\">Datenschutz im Konzern<\/a>\n                <span class=\"grau-breadcrumbs__arrow\"><\/span>\n                        <\/div>\n        \t\t\t\t<\/div>\n\t\t\t\t<\/div>\n\t\t\t\t\t<\/div>\n\t\t<\/div>\n\t\t\t\t\t<\/div>\n\t\t<\/section>\n\t\t\t\t<section class=\"elementor-section elementor-top-section elementor-element elementor-element-8fef0ed elementor-section-boxed elementor-section-height-default elementor-section-height-default\" data-id=\"8fef0ed\" data-element_type=\"section\" data-e-type=\"section\">\n\t\t\t\t\t\t<div class=\"elementor-container elementor-column-gap-default\">\n\t\t\t\t\t<div class=\"elementor-column elementor-col-100 elementor-top-column elementor-element elementor-element-174f08c\" data-id=\"174f08c\" data-element_type=\"column\" data-e-type=\"column\">\n\t\t\t<div class=\"elementor-widget-wrap elementor-element-populated\">\n\t\t\t\t\t\t<div class=\"elementor-element elementor-element-ea1a44e elementor-widget elementor-widget-heading\" data-id=\"ea1a44e\" data-element_type=\"widget\" data-e-type=\"widget\" data-widget_type=\"heading.default\">\n\t\t\t\t<div class=\"elementor-widget-container\">\n\t\t\t\t\t<h2 class=\"elementor-heading-title elementor-size-default\">Datenschutz im Konzern<\/h2>\t\t\t\t<\/div>\n\t\t\t\t<\/div>\n\t\t\t\t\t<\/div>\n\t\t<\/div>\n\t\t\t\t\t<\/div>\n\t\t<\/section>\n\t\t\t\t<section class=\"elementor-section elementor-top-section elementor-element elementor-element-bd89792 elementor-section-boxed elementor-section-height-default elementor-section-height-default\" data-id=\"bd89792\" data-element_type=\"section\" data-e-type=\"section\">\n\t\t\t\t\t\t<div class=\"elementor-container elementor-column-gap-default\">\n\t\t\t\t\t<div class=\"elementor-column elementor-col-100 elementor-top-column elementor-element elementor-element-e5292af\" data-id=\"e5292af\" data-element_type=\"column\" data-e-type=\"column\">\n\t\t\t<div class=\"elementor-widget-wrap elementor-element-populated\">\n\t\t\t\t\t\t<div class=\"elementor-element elementor-element-7f5ea84 grau-text-editor elementor-widget elementor-widget-text-editor\" data-id=\"7f5ea84\" data-element_type=\"widget\" data-e-type=\"widget\" data-widget_type=\"text-editor.default\">\n\t\t\t\t<div class=\"elementor-widget-container\">\n\t\t\t\t\t\t\t\t\t<p>Unternehmen, die zu einem Konzern verbunden sind, m\u00fcssen beim Austausch von personenbezogenen Daten zwischen verschiedenen Konzernunternehmen die Vorschriften der EU-Datenschutzgrundverordnung (DSGVO) einhalten.<\/p><p>\u00a0In Erw\u00e4gungsgrund 48 DSGVO hat der Gesetzgeber grunds\u00e4tzlich anerkannt, dass ein berechtigtes Interesse zum Datenaustausch zwischen verschiedenen Konzern-Unternehmen bestehen kann. Diese Erw\u00e4gung enth\u00e4lt jedoch keine generelle Erlaubnis zum konzerninternen Datenaustausch. Es handelt vielmehr um einen Hinweis darauf, dass in jedem Einzelfall gepr\u00fcft werden muss, ob ein Datenaustausch auf Art. 6 Abs. 1 f DSGVO gest\u00fctzt werden kann.<\/p><p>Datenschutzkonformer Austausch von pers\u00f6nlichen Daten im Konzernverbund setzt stets voraus, dass der in Art. 5 DSGVO niedergelegte Grundsatz der Datensparsamkeit eingehalten wird. Es ist deshalb stets zu pr\u00fcfen, ob und in welchem Umfang ein Datenaustausch \u00fcberhaupt notwendig ist und ob die Weitergabe psyeudonymisierter oder anonymisierter Daten ausreichend w\u00e4re.<\/p><p>Sodann ist zu pr\u00fcfen, auf welche Rechtsgrundlage der Datenaustausch gest\u00fctzt werden kann und ob hierf\u00fcr zus\u00e4tzliche Rechtstexte zu erstellen sind. In Betracht kommen dabei insbesondere eine Vereinbarung \u00fcber eine Auftragsverarbeitung, Vereinbarungen \u00fcber gemeinsame Verantwortlichkeit mehrerer Gesellschaften, eine Erlaubnis, die sich aus der Zweckbestimmung eines einzelnen Vertrages ergibt, eine schriftliche Einwilligung des Betroffenen oder eine Betriebsvereinbarung.<\/p><p>Wir beraten Konzerngesellschaften zu allen Fragen des Datenschutzes im Konzern und erstellen rechtssichere Vorlagen f\u00fcr die notwendigen Rechtstexte.<\/p>\t\t\t\t\t\t\t\t<\/div>\n\t\t\t\t<\/div>\n\t\t\t\t\t<\/div>\n\t\t<\/div>\n\t\t\t\t\t<\/div>\n\t\t<\/section>\n\t\t\t\t<section class=\"elementor-section elementor-top-section elementor-element elementor-element-7dcdbc0 elementor-section-boxed elementor-section-height-default elementor-section-height-default\" data-id=\"7dcdbc0\" data-element_type=\"section\" data-e-type=\"section\" data-settings=\"{&quot;background_background&quot;:&quot;slideshow&quot;,&quot;background_slideshow_gallery&quot;:[{&quot;id&quot;:136,&quot;url&quot;:&quot;https:\\\/\\\/www.graulaw.eu\\\/wp-content\\\/uploads\\\/2022\\\/04\\\/contact_bg.jpg&quot;}],&quot;background_slideshow_slide_duration&quot;:5000,&quot;background_slideshow_slide_transition&quot;:&quot;fade&quot;,&quot;background_slideshow_transition_duration&quot;:500}\">\n\t\t\t\t\t\t<div class=\"elementor-container elementor-column-gap-default\">\n\t\t\t\t\t<div class=\"elementor-column elementor-col-100 elementor-top-column elementor-element elementor-element-7493e71\" data-id=\"7493e71\" data-element_type=\"column\" data-e-type=\"column\">\n\t\t\t<div class=\"elementor-widget-wrap elementor-element-populated\">\n\t\t\t\t\t\t<div class=\"elementor-element elementor-element-03a9d21 elementor-widget elementor-widget-text-editor\" data-id=\"03a9d21\" data-element_type=\"widget\" data-e-type=\"widget\" data-widget_type=\"text-editor.default\">\n\t\t\t\t<div class=\"elementor-widget-container\">\n\t\t\t\t\t\t\t\t\tSIE HABEN FRAGEN ODER BEN\u00d6TIGEN UNSEREN RAT?\t\t\t\t\t\t\t\t<\/div>\n\t\t\t\t<\/div>\n\t\t\t\t<div class=\"elementor-element elementor-element-1dd052d elementor-widget elementor-widget-text-editor\" data-id=\"1dd052d\" data-element_type=\"widget\" data-e-type=\"widget\" data-widget_type=\"text-editor.default\">\n\t\t\t\t<div class=\"elementor-widget-container\">\n\t\t\t\t\t\t\t\t\t<p>Sprechen Sie uns an &#8211; wir helfen Ihnen weiter.<\/p>\t\t\t\t\t\t\t\t<\/div>\n\t\t\t\t<\/div>\n\t\t\t\t<div class=\"elementor-element elementor-element-409b6ab elementor-widget elementor-widget-button\" data-id=\"409b6ab\" data-element_type=\"widget\" data-e-type=\"widget\" data-widget_type=\"button.default\">\n\t\t\t\t<div class=\"elementor-widget-container\">\n\t\t\t\t\t\t\t\t\t<div class=\"elementor-button-wrapper\">\n\t\t\t\t\t<a class=\"elementor-button elementor-button-link elementor-size-sm\" href=\"\/de\/kontakt\/\">\n\t\t\t\t\t\t<span class=\"elementor-button-content-wrapper\">\n\t\t\t\t\t\t\t\t\t<span class=\"elementor-button-text\">Zum Kontakt<\/span>\n\t\t\t\t\t<\/span>\n\t\t\t\t\t<\/a>\n\t\t\t\t<\/div>\n\t\t\t\t\t\t\t\t<\/div>\n\t\t\t\t<\/div>\n\t\t\t\t\t<\/div>\n\t\t<\/div>\n\t\t\t\t\t<\/div>\n\t\t<\/section>\n\t\t\t\t<\/div>\n\t\t","protected":false},"excerpt":{"rendered":"<p>Start Unsere Expertise Datenschutz Datenschutz im Konzern Unternehmen, die zu einem Konzern verbunden sind, m\u00fcssen beim Austausch von personenbezogenen Daten zwischen verschiedenen Konzernunternehmen die Vorschriften der EU-Datenschutzgrundverordnung (DSGVO) einhalten. \u00a0In Erw\u00e4gungsgrund 48 DSGVO hat der Gesetzgeber grunds\u00e4tzlich anerkannt, dass ein berechtigtes Interesse zum Datenaustausch zwischen verschiedenen Konzern-Unternehmen bestehen kann. Diese Erw\u00e4gung enth\u00e4lt jedoch keine generelle [&hellip;]<\/p>\n","protected":false},"author":8,"featured_media":0,"parent":0,"menu_order":0,"comment_status":"closed","ping_status":"closed","template":"elementor_header_footer","meta":{"inline_featured_image":false,"footnotes":""},"class_list":["post-1370","page","type-page","status-publish","hentry"],"yoast_head":"<!-- This site is optimized with the Yoast SEO plugin v27.4 - https:\/\/yoast.com\/product\/yoast-seo-wordpress\/ -->\n<title>Datenschutz im Konzern | Grau Rechtsanw\u00e4lte PartGmbB<\/title>\n<meta name=\"robots\" content=\"index, follow, max-snippet:-1, max-image-preview:large, max-video-preview:-1\" \/>\n<link rel=\"canonical\" href=\"https:\/\/www.graulaw.eu\/de\/datenschutz-im-konzern\/\" \/>\n<meta property=\"og:locale\" content=\"de_DE\" \/>\n<meta property=\"og:type\" content=\"article\" \/>\n<meta property=\"og:title\" content=\"Datenschutz im Konzern | Grau Rechtsanw\u00e4lte PartGmbB\" \/>\n<meta property=\"og:description\" content=\"Start Unsere Expertise Datenschutz Datenschutz im Konzern Unternehmen, die zu einem Konzern verbunden sind, m\u00fcssen beim Austausch von personenbezogenen Daten zwischen verschiedenen Konzernunternehmen die Vorschriften der EU-Datenschutzgrundverordnung (DSGVO) einhalten. \u00a0In Erw\u00e4gungsgrund 48 DSGVO hat der Gesetzgeber grunds\u00e4tzlich anerkannt, dass ein berechtigtes Interesse zum Datenaustausch zwischen verschiedenen Konzern-Unternehmen bestehen kann. Diese Erw\u00e4gung enth\u00e4lt jedoch keine generelle [&hellip;]\" \/>\n<meta property=\"og:url\" content=\"https:\/\/www.graulaw.eu\/de\/datenschutz-im-konzern\/\" \/>\n<meta property=\"og:site_name\" content=\"Grau Rechtsanw\u00e4lte PartGmbB\" \/>\n<meta property=\"article:publisher\" content=\"https:\/\/www.facebook.com\/ecommercegermany\" \/>\n<meta property=\"article:modified_time\" content=\"2022-09-27T12:52:20+00:00\" \/>\n<meta property=\"og:image\" content=\"http:\/\/grau.stettiner.co\/wp-content\/uploads\/2022\/07\/datenschutz.png\" \/>\n<meta name=\"twitter:card\" content=\"summary_large_image\" \/>\n<meta name=\"twitter:label1\" content=\"Gesch\u00e4tzte Lesezeit\" \/>\n\t<meta name=\"twitter:data1\" content=\"1\u00a0Minute\" \/>\n<script type=\"application\/ld+json\" class=\"yoast-schema-graph\">{\"@context\":\"https:\\\/\\\/schema.org\",\"@graph\":[{\"@type\":\"WebPage\",\"@id\":\"https:\\\/\\\/www.graulaw.eu\\\/de\\\/datenschutz-im-konzern\\\/\",\"url\":\"https:\\\/\\\/www.graulaw.eu\\\/de\\\/datenschutz-im-konzern\\\/\",\"name\":\"Datenschutz im Konzern | Grau Rechtsanw\u00e4lte PartGmbB\",\"isPartOf\":{\"@id\":\"https:\\\/\\\/www.graulaw.eu\\\/de\\\/#website\"},\"primaryImageOfPage\":{\"@id\":\"https:\\\/\\\/www.graulaw.eu\\\/de\\\/datenschutz-im-konzern\\\/#primaryimage\"},\"image\":{\"@id\":\"https:\\\/\\\/www.graulaw.eu\\\/de\\\/datenschutz-im-konzern\\\/#primaryimage\"},\"thumbnailUrl\":\"http:\\\/\\\/grau.stettiner.co\\\/wp-content\\\/uploads\\\/2022\\\/07\\\/datenschutz.png\",\"datePublished\":\"2022-05-18T10:51:47+00:00\",\"dateModified\":\"2022-09-27T12:52:20+00:00\",\"breadcrumb\":{\"@id\":\"https:\\\/\\\/www.graulaw.eu\\\/de\\\/datenschutz-im-konzern\\\/#breadcrumb\"},\"inLanguage\":\"de\",\"potentialAction\":[{\"@type\":\"ReadAction\",\"target\":[\"https:\\\/\\\/www.graulaw.eu\\\/de\\\/datenschutz-im-konzern\\\/\"]}]},{\"@type\":\"ImageObject\",\"inLanguage\":\"de\",\"@id\":\"https:\\\/\\\/www.graulaw.eu\\\/de\\\/datenschutz-im-konzern\\\/#primaryimage\",\"url\":\"http:\\\/\\\/grau.stettiner.co\\\/wp-content\\\/uploads\\\/2022\\\/07\\\/datenschutz.png\",\"contentUrl\":\"http:\\\/\\\/grau.stettiner.co\\\/wp-content\\\/uploads\\\/2022\\\/07\\\/datenschutz.png\"},{\"@type\":\"BreadcrumbList\",\"@id\":\"https:\\\/\\\/www.graulaw.eu\\\/de\\\/datenschutz-im-konzern\\\/#breadcrumb\",\"itemListElement\":[{\"@type\":\"ListItem\",\"position\":1,\"name\":\"Home\",\"item\":\"https:\\\/\\\/www.graulaw.eu\\\/de\\\/\"},{\"@type\":\"ListItem\",\"position\":2,\"name\":\"Datenschutz im Konzern\"}]},{\"@type\":\"WebSite\",\"@id\":\"https:\\\/\\\/www.graulaw.eu\\\/de\\\/#website\",\"url\":\"https:\\\/\\\/www.graulaw.eu\\\/de\\\/\",\"name\":\"Grau Rechtsanw\u00e4lte PartGmbB\",\"description\":\"GRAU Rechtsanw\u00e4lte PartGmbB ist eine international ausgerichtete Rechtsanwaltskanzlei mit wirtschaftsrechtlicher Ausrichtung und Sitz in Hamburg.\",\"publisher\":{\"@id\":\"https:\\\/\\\/www.graulaw.eu\\\/de\\\/#organization\"},\"potentialAction\":[{\"@type\":\"SearchAction\",\"target\":{\"@type\":\"EntryPoint\",\"urlTemplate\":\"https:\\\/\\\/www.graulaw.eu\\\/de\\\/?s={search_term_string}\"},\"query-input\":{\"@type\":\"PropertyValueSpecification\",\"valueRequired\":true,\"valueName\":\"search_term_string\"}}],\"inLanguage\":\"de\"},{\"@type\":\"Organization\",\"@id\":\"https:\\\/\\\/www.graulaw.eu\\\/de\\\/#organization\",\"name\":\"Grau Rechtsanw\u00e4lte PartGmbB\",\"url\":\"https:\\\/\\\/www.graulaw.eu\\\/de\\\/\",\"logo\":{\"@type\":\"ImageObject\",\"inLanguage\":\"de\",\"@id\":\"https:\\\/\\\/www.graulaw.eu\\\/de\\\/#\\\/schema\\\/logo\\\/image\\\/\",\"url\":\"https:\\\/\\\/www.graulaw.eu\\\/wp-content\\\/uploads\\\/2022\\\/04\\\/logo.svg\",\"contentUrl\":\"https:\\\/\\\/www.graulaw.eu\\\/wp-content\\\/uploads\\\/2022\\\/04\\\/logo.svg\",\"width\":150,\"height\":48,\"caption\":\"Grau Rechtsanw\u00e4lte PartGmbB\"},\"image\":{\"@id\":\"https:\\\/\\\/www.graulaw.eu\\\/de\\\/#\\\/schema\\\/logo\\\/image\\\/\"},\"sameAs\":[\"https:\\\/\\\/www.facebook.com\\\/ecommercegermany\",\"https:\\\/\\\/www.facebook.com\\\/graulawtransport\",\"https:\\\/\\\/www.linkedin.com\\\/company\\\/graulaw\\\/\"]}]}<\/script>\n<!-- \/ Yoast SEO plugin. -->","yoast_head_json":{"title":"Datenschutz im Konzern | Grau Rechtsanw\u00e4lte PartGmbB","robots":{"index":"index","follow":"follow","max-snippet":"max-snippet:-1","max-image-preview":"max-image-preview:large","max-video-preview":"max-video-preview:-1"},"canonical":"https:\/\/www.graulaw.eu\/de\/datenschutz-im-konzern\/","og_locale":"de_DE","og_type":"article","og_title":"Datenschutz im Konzern | Grau Rechtsanw\u00e4lte PartGmbB","og_description":"Start Unsere Expertise Datenschutz Datenschutz im Konzern Unternehmen, die zu einem Konzern verbunden sind, m\u00fcssen beim Austausch von personenbezogenen Daten zwischen verschiedenen Konzernunternehmen die Vorschriften der EU-Datenschutzgrundverordnung (DSGVO) einhalten. \u00a0In Erw\u00e4gungsgrund 48 DSGVO hat der Gesetzgeber grunds\u00e4tzlich anerkannt, dass ein berechtigtes Interesse zum Datenaustausch zwischen verschiedenen Konzern-Unternehmen bestehen kann. Diese Erw\u00e4gung enth\u00e4lt jedoch keine generelle [&hellip;]","og_url":"https:\/\/www.graulaw.eu\/de\/datenschutz-im-konzern\/","og_site_name":"Grau Rechtsanw\u00e4lte PartGmbB","article_publisher":"https:\/\/www.facebook.com\/ecommercegermany","article_modified_time":"2022-09-27T12:52:20+00:00","og_image":[{"url":"http:\/\/grau.stettiner.co\/wp-content\/uploads\/2022\/07\/datenschutz.png","type":"","width":"","height":""}],"twitter_card":"summary_large_image","twitter_misc":{"Gesch\u00e4tzte Lesezeit":"1\u00a0Minute"},"schema":{"@context":"https:\/\/schema.org","@graph":[{"@type":"WebPage","@id":"https:\/\/www.graulaw.eu\/de\/datenschutz-im-konzern\/","url":"https:\/\/www.graulaw.eu\/de\/datenschutz-im-konzern\/","name":"Datenschutz im Konzern | Grau Rechtsanw\u00e4lte PartGmbB","isPartOf":{"@id":"https:\/\/www.graulaw.eu\/de\/#website"},"primaryImageOfPage":{"@id":"https:\/\/www.graulaw.eu\/de\/datenschutz-im-konzern\/#primaryimage"},"image":{"@id":"https:\/\/www.graulaw.eu\/de\/datenschutz-im-konzern\/#primaryimage"},"thumbnailUrl":"http:\/\/grau.stettiner.co\/wp-content\/uploads\/2022\/07\/datenschutz.png","datePublished":"2022-05-18T10:51:47+00:00","dateModified":"2022-09-27T12:52:20+00:00","breadcrumb":{"@id":"https:\/\/www.graulaw.eu\/de\/datenschutz-im-konzern\/#breadcrumb"},"inLanguage":"de","potentialAction":[{"@type":"ReadAction","target":["https:\/\/www.graulaw.eu\/de\/datenschutz-im-konzern\/"]}]},{"@type":"ImageObject","inLanguage":"de","@id":"https:\/\/www.graulaw.eu\/de\/datenschutz-im-konzern\/#primaryimage","url":"http:\/\/grau.stettiner.co\/wp-content\/uploads\/2022\/07\/datenschutz.png","contentUrl":"http:\/\/grau.stettiner.co\/wp-content\/uploads\/2022\/07\/datenschutz.png"},{"@type":"BreadcrumbList","@id":"https:\/\/www.graulaw.eu\/de\/datenschutz-im-konzern\/#breadcrumb","itemListElement":[{"@type":"ListItem","position":1,"name":"Home","item":"https:\/\/www.graulaw.eu\/de\/"},{"@type":"ListItem","position":2,"name":"Datenschutz im Konzern"}]},{"@type":"WebSite","@id":"https:\/\/www.graulaw.eu\/de\/#website","url":"https:\/\/www.graulaw.eu\/de\/","name":"Grau Rechtsanw\u00e4lte PartGmbB","description":"GRAU Rechtsanw\u00e4lte PartGmbB ist eine international ausgerichtete Rechtsanwaltskanzlei mit wirtschaftsrechtlicher Ausrichtung und Sitz in Hamburg.","publisher":{"@id":"https:\/\/www.graulaw.eu\/de\/#organization"},"potentialAction":[{"@type":"SearchAction","target":{"@type":"EntryPoint","urlTemplate":"https:\/\/www.graulaw.eu\/de\/?s={search_term_string}"},"query-input":{"@type":"PropertyValueSpecification","valueRequired":true,"valueName":"search_term_string"}}],"inLanguage":"de"},{"@type":"Organization","@id":"https:\/\/www.graulaw.eu\/de\/#organization","name":"Grau Rechtsanw\u00e4lte PartGmbB","url":"https:\/\/www.graulaw.eu\/de\/","logo":{"@type":"ImageObject","inLanguage":"de","@id":"https:\/\/www.graulaw.eu\/de\/#\/schema\/logo\/image\/","url":"https:\/\/www.graulaw.eu\/wp-content\/uploads\/2022\/04\/logo.svg","contentUrl":"https:\/\/www.graulaw.eu\/wp-content\/uploads\/2022\/04\/logo.svg","width":150,"height":48,"caption":"Grau Rechtsanw\u00e4lte PartGmbB"},"image":{"@id":"https:\/\/www.graulaw.eu\/de\/#\/schema\/logo\/image\/"},"sameAs":["https:\/\/www.facebook.com\/ecommercegermany","https:\/\/www.facebook.com\/graulawtransport","https:\/\/www.linkedin.com\/company\/graulaw\/"]}]}},"_links":{"self":[{"href":"https:\/\/www.graulaw.eu\/de\/wp-json\/wp\/v2\/pages\/1370","targetHints":{"allow":["GET"]}}],"collection":[{"href":"https:\/\/www.graulaw.eu\/de\/wp-json\/wp\/v2\/pages"}],"about":[{"href":"https:\/\/www.graulaw.eu\/de\/wp-json\/wp\/v2\/types\/page"}],"author":[{"embeddable":true,"href":"https:\/\/www.graulaw.eu\/de\/wp-json\/wp\/v2\/users\/8"}],"replies":[{"embeddable":true,"href":"https:\/\/www.graulaw.eu\/de\/wp-json\/wp\/v2\/comments?post=1370"}],"version-history":[{"count":20,"href":"https:\/\/www.graulaw.eu\/de\/wp-json\/wp\/v2\/pages\/1370\/revisions"}],"predecessor-version":[{"id":6626,"href":"https:\/\/www.graulaw.eu\/de\/wp-json\/wp\/v2\/pages\/1370\/revisions\/6626"}],"wp:attachment":[{"href":"https:\/\/www.graulaw.eu\/de\/wp-json\/wp\/v2\/media?parent=1370"}],"curies":[{"name":"wp","href":"https:\/\/api.w.org\/{rel}","templated":true}]}}