{"version":"1.0","provider_name":"Grau Rechtsanw\u00e4lte PartGmbB","provider_url":"https:\/\/www.graulaw.eu\/de\/","author_name":"Adriana Grau","author_url":"https:\/\/www.graulaw.eu\/de\/author\/adriana-grau\/","title":"Grau Rechtsanw\u00e4lte auf der \"BAU 2015\" | Grau Rechtsanw\u00e4lte PartGmbB","type":"rich","width":600,"height":338,"html":"<blockquote class=\"wp-embedded-content\" data-secret=\"cknXiHCIyA\"><a href=\"https:\/\/www.graulaw.eu\/de\/grau-rechtsanwaelte-partgmbb-auf-der-bau-2015\/\">Grau Rechtsanw\u00e4lte auf der &#8222;BAU 2015&#8220;<\/a><\/blockquote><iframe sandbox=\"allow-scripts\" security=\"restricted\" src=\"https:\/\/www.graulaw.eu\/de\/grau-rechtsanwaelte-partgmbb-auf-der-bau-2015\/embed\/#?secret=cknXiHCIyA\" width=\"600\" height=\"338\" title=\"&#8222;Grau Rechtsanw\u00e4lte auf der &#8222;BAU 2015&#8220;&#8220; &#8211; Grau Rechtsanw\u00e4lte PartGmbB\" data-secret=\"cknXiHCIyA\" frameborder=\"0\" marginwidth=\"0\" marginheight=\"0\" scrolling=\"no\" class=\"wp-embedded-content\"><\/iframe><script type=\"text\/javascript\">\n\/* <![CDATA[ *\/\n\/*! This file is auto-generated *\/\n!function(d,l){\"use strict\";l.querySelector&&d.addEventListener&&\"undefined\"!=typeof URL&&(d.wp=d.wp||{},d.wp.receiveEmbedMessage||(d.wp.receiveEmbedMessage=function(e){var t=e.data;if((t||t.secret||t.message||t.value)&&!\/[^a-zA-Z0-9]\/.test(t.secret)){for(var s,r,n,a=l.querySelectorAll('iframe[data-secret=\"'+t.secret+'\"]'),o=l.querySelectorAll('blockquote[data-secret=\"'+t.secret+'\"]'),c=new RegExp(\"^https?:$\",\"i\"),i=0;i<o.length;i++)o[i].style.display=\"none\";for(i=0;i<a.length;i++)s=a[i],e.source===s.contentWindow&&(s.removeAttribute(\"style\"),\"height\"===t.message?(1e3<(r=parseInt(t.value,10))?r=1e3:~~r<200&&(r=200),s.height=r):\"link\"===t.message&&(r=new URL(s.getAttribute(\"src\")),n=new URL(t.value),c.test(n.protocol))&&n.host===r.host&&l.activeElement===s&&(d.top.location.href=t.value))}},d.addEventListener(\"message\",d.wp.receiveEmbedMessage,!1),l.addEventListener(\"DOMContentLoaded\",function(){for(var e,t,s=l.querySelectorAll(\"iframe.wp-embedded-content\"),r=0;r<s.length;r++)(t=(e=s[r]).getAttribute(\"data-secret\"))||(t=Math.random().toString(36).substring(2,12),e.src+=\"#?secret=\"+t,e.setAttribute(\"data-secret\",t)),e.contentWindow.postMessage({message:\"ready\",secret:t},\"*\")},!1)))}(window,document);\n\/\/# sourceURL=https:\/\/www.graulaw.eu\/wp-includes\/js\/wp-embed.min.js\n\/* ]]> *\/\n<\/script>\n","thumbnail_url":"https:\/\/www.graulaw.eu\/wp-content\/uploads\/2022\/06\/bau_2015-4-min.jpg","thumbnail_width":1332,"thumbnail_height":518,"description":"Die Grau Rechtsanw\u00e4lte PartGmbB nahm im Januar 2015 an der Messe BAU 2015 teil Wieder beriet die Grau Rechtsanw\u00e4lte PartGmbB Aussteller auf der internationalen Messe. Diesmal war sie auf der Messe BAU 2015 in M\u00fcnchen vertreten und beriet polnische Unternehmer umfassend zu Fragen der grenz\u00fcberschreitenden Gesch\u00e4ftst\u00e4tigkeit. Die Grau Rechtsanw\u00e4lte PartGmbB ist eine deutsche Anwaltskanzlei mit [&hellip;]"}